{"id":2947,"date":"2021-08-31T17:24:52","date_gmt":"2021-08-31T15:24:52","guid":{"rendered":"https:\/\/www.asentics.de\/?page_id=2947"},"modified":"2026-03-23T10:58:14","modified_gmt":"2026-03-23T09:58:14","slug":"karriere","status":"publish","type":"page","link":"https:\/\/www.asentics.de\/de\/karriere\/","title":{"rendered":"KARRIERE"},"content":{"rendered":"<div class=\"fusion-fullwidth fullwidth-box fusion-builder-row-1 nonhundred-percent-fullwidth non-hundred-percent-height-scrolling\" style=\"--awb-border-radius-top-left:0px;--awb-border-radius-top-right:0px;--awb-border-radius-bottom-right:0px;--awb-border-radius-bottom-left:0px;--awb-margin-top:0px;--awb-background-color:rgba(233,30,99,0);--awb-flex-wrap:wrap;\" ><div class=\"fusion-builder-row fusion-row\"><div class=\"fusion-layout-column fusion_builder_column fusion-builder-column-0 fusion_builder_column_1_1 1_1 fusion-one-full fusion-column-first fusion-column-last fusion-animated\" style=\"--awb-bg-size:cover;\" data-animationType=\"fadeInDown\" data-animationDuration=\"0.5\" data-animationOffset=\"top-into-view\"><div class=\"fusion-column-wrapper fusion-column-has-shadow fusion-flex-column-wrapper-legacy\"><div class=\"fusion-title title fusion-title-1 fusion-title-center fusion-title-text fusion-title-size-one\"><div class=\"title-sep-container title-sep-container-left\"><div class=\"title-sep sep-single sep-dotted\" style=\"border-color:#e0dede;\"><\/div><\/div><span class=\"awb-title-spacer\"><\/span><h1 class=\"fusion-title-heading title-heading-center\" style=\"margin:0;\">KARRIERE<\/h1><span class=\"awb-title-spacer\"><\/span><div class=\"title-sep-container title-sep-container-right\"><div class=\"title-sep sep-single sep-dotted\" style=\"border-color:#e0dede;\"><\/div><\/div><\/div><div class=\"fusion-text fusion-text-1\"><blockquote>\n<h4 style=\"text-align: center;\"><span style=\"color: #808080;\"><em>\u201eDer Fortschritt ist die Verwirklichung von Ideen.\u201c\u00a0<\/em><\/span><\/h4>\n<\/blockquote>\n<h4 style=\"padding-left: 320px; text-align: center;\"><span style=\"color: #808080;\"><em>&#8211; Oscar Wilde<\/em><\/span><\/h4>\n<div class=\"fusion-sep-clear\"><\/div><div class=\"fusion-separator fusion-full-width-sep\" style=\"margin-left: auto;margin-right: auto;margin-top:20px;margin-bottom:20px;width:100%;\"><\/div><div class=\"fusion-sep-clear\"><\/div>\n<p>Wir als etabliertes Technologieunternehmen der industriellen Bildverarbeitung entwickeln und produzieren Maschinen und Systeme f\u00fcr die optische Qualit\u00e4tspr\u00fcfung von Industrieprodukten. Mit unseren zukunftsweisenden L\u00f6sungen bringen wir die Bildverarbeitungstechnologie voran und machen sie f\u00fcr einen nachhaltigen und ressourcensparenden Wachstumsmarkt nutzbar. Wir beliefern namhafte Hersteller in unterschiedlichen Technologiebranchen weltweit.<\/p>\n<p>Als inhabergef\u00fchrter Global Player mit Hauptsitz in Siegen stehen wir seit 25 Jahren f\u00fcr herausragende Qualit\u00e4t, Zuverl\u00e4ssigkeit und umfassenden Service. Wir leben von Beginn an flache Hierarchien und bieten sichere Jobs mit langfristiger Perspektive in famili\u00e4rer Atmosph\u00e4re.<\/p>\n<\/div><div class=\"fusion-sep-clear\"><\/div><div class=\"fusion-separator fusion-full-width-sep\" style=\"margin-left: auto;margin-right: auto;margin-top:15px;margin-bottom:15px;width:100%;\"><\/div><div class=\"fusion-sep-clear\"><\/div><div class=\"fusion-text fusion-text-2\"><h4>Wir suchen zur Verst\u00e4rkung unseres Teams:<\/h4>\n<\/div><div class=\"accordian fusion-accordian\" style=\"--awb-border-size:1px;--awb-icon-size:16px;--awb-content-font-size:18px;--awb-icon-alignment:left;--awb-hover-color:#f9f9f9;--awb-border-color:#cccccc;--awb-background-color:#ffffff;--awb-divider-color:#e0dede;--awb-divider-hover-color:#e0dede;--awb-icon-color:#ffffff;--awb-title-color:#0e4194;--awb-content-color:#000000;--awb-icon-box-color:#0e4194;--awb-toggle-hover-accent-color:#0e4194;--awb-title-font-family:&quot;Inter Black&quot;;--awb-title-font-weight:400;--awb-title-font-style:normal;--awb-content-font-family:&quot;Inter Light&quot;;--awb-content-font-style:normal;--awb-content-font-weight:400;\"><div class=\"panel-group fusion-toggle-icon-boxed\" id=\"accordion-2947-1\"><div class=\"fusion-panel panel-default panel-3794c068111e0caeb fusion-toggle-has-divider\" style=\"--awb-title-color:#0e4194;--awb-content-color:#000000;\"><div class=\"panel-heading\"><h4 class=\"panel-title toggle\" id=\"toggle_3794c068111e0caeb\"><a aria-expanded=\"false\" aria-controls=\"3794c068111e0caeb\" role=\"button\" data-toggle=\"collapse\" data-parent=\"#accordion-2947-1\" data-target=\"#3794c068111e0caeb\" href=\"#3794c068111e0caeb\"><span class=\"fusion-toggle-icon-wrapper\" aria-hidden=\"true\"><i class=\"fa-fusion-box active-icon awb-icon-minus\" aria-hidden=\"true\"><\/i><i class=\"fa-fusion-box inactive-icon awb-icon-plus\" aria-hidden=\"true\"><\/i><\/span><span class=\"fusion-toggle-heading\">Werkstudent Marketing (w\/m\/d) <\/span><\/a><\/h4><\/div><div id=\"3794c068111e0caeb\" class=\"panel-collapse collapse \" aria-labelledby=\"toggle_3794c068111e0caeb\"><div class=\"panel-body toggle-content fusion-clearfix\">\n<p><strong>Ihre Aufgaben:<\/strong><\/p>\n<ul style=\"--awb-iconcolor:#0e4194;--awb-line-height:27.2px;--awb-icon-width:27.2px;--awb-icon-height:27.2px;--awb-icon-margin:11.2px;--awb-content-margin:38.4px;\" class=\"fusion-checklist fusion-checklist-1 fusion-checklist-default fusion-checklist-divider type-icons\"><li class=\"fusion-li-item\" style=\"\"><span class=\"icon-wrapper circle-no\"><i class=\"fusion-li-icon fa-caret-right fas\" aria-hidden=\"true\"><\/i><\/span><div class=\"fusion-li-item-content\">\n<p>Erstellung und Aufbereitung von Produktbrosch\u00fcren, Datenbl\u00e4ttern und Projektdokumentationen<\/p>\n<\/div><\/li><li class=\"fusion-li-item\" style=\"\"><span class=\"icon-wrapper circle-no\"><i class=\"fusion-li-icon fa-caret-right fas\" aria-hidden=\"true\"><\/i><\/span><div class=\"fusion-li-item-content\">\n<p>Konzeption und Erstellung von Content f\u00fcr unsere Social-Media-Kan\u00e4le, einschlie\u00dflich Bild-, Text- und kurzer Videoformate<\/p>\n<\/div><\/li><li class=\"fusion-li-item\" style=\"\"><span class=\"icon-wrapper circle-no\"><i class=\"fusion-li-icon fa-caret-right fas\" aria-hidden=\"true\"><\/i><\/span><div class=\"fusion-li-item-content\">\n<p>Betreuung, Pflege und Weiterentwicklung unserer Website &#8211; eigenst\u00e4ndig sowie in Abstimmung mit externen Dienstleistern<\/p>\n<\/div><\/li><li class=\"fusion-li-item\" style=\"\"><span class=\"icon-wrapper circle-no\"><i class=\"fusion-li-icon fa-caret-right fas\" aria-hidden=\"true\"><\/i><\/span><div class=\"fusion-li-item-content\">\n<p>Planung und Umsetzung von Onpage- und Offpage-SEO-Ma\u00dfnahmen zur Steigerung der organischen Sichtbarkeit und Generierung qualifizierten Traffics<\/p>\n<\/div><\/li><li class=\"fusion-li-item\" style=\"\"><span class=\"icon-wrapper circle-no\"><i class=\"fusion-li-icon fa-caret-right fas\" aria-hidden=\"true\"><\/i><\/span><div class=\"fusion-li-item-content\">\n<p>Mitarbeit an der gestalterischen Entwicklung von Benutzeroberfl\u00e4chen f\u00fcr industrielle Anwendungen<\/p>\n<\/div><\/li><li class=\"fusion-li-item\" style=\"\"><span class=\"icon-wrapper circle-no\"><i class=\"fusion-li-icon fa-caret-right fas\" aria-hidden=\"true\"><\/i><\/span><div class=\"fusion-li-item-content\">\n<p>Erstellung und Versand von E-Mail-Kampagnen und Newslettern<\/p>\n<\/div><\/li><li class=\"fusion-li-item\" style=\"\"><span class=\"icon-wrapper circle-no\"><i class=\"fusion-li-icon fa-caret-right fas\" aria-hidden=\"true\"><\/i><\/span><div class=\"fusion-li-item-content\">\n<p>Unterst\u00fctzung bei der Planung, Organisation und Durchf\u00fchrung von Messen und weiteren Veranstaltungen<\/p>\n<\/div><\/li><\/ul>\n<div class=\"fusion-sep-clear\"><\/div><div class=\"fusion-separator fusion-full-width-sep\" style=\"margin-left: auto;margin-right: auto;margin-top:15px;margin-bottom:15px;width:100%;\"><\/div><div class=\"fusion-sep-clear\"><\/div>\n<p><strong>Ihr Profil:<\/strong><\/p>\n<ul style=\"--awb-iconcolor:#0e4194;--awb-line-height:27.2px;--awb-icon-width:27.2px;--awb-icon-height:27.2px;--awb-icon-margin:11.2px;--awb-content-margin:38.4px;\" class=\"fusion-checklist fusion-checklist-2 fusion-checklist-default fusion-checklist-divider type-icons\"><li class=\"fusion-li-item\" style=\"\"><span class=\"icon-wrapper circle-no\"><i class=\"fusion-li-icon fa-caret-right fas\" aria-hidden=\"true\"><\/i><\/span><div class=\"fusion-li-item-content\">\n<p>Immatrikulierter Student (w\/m\/d) im Bereich Marketing, Medien, Kommunikation, Wirtschaftsingenieurwesen oder in einem vergleichbaren Studiengang<\/p>\n<\/div><\/li><li class=\"fusion-li-item\" style=\"\"><span class=\"icon-wrapper circle-no\"><i class=\"fusion-li-icon fa-caret-right fas\" aria-hidden=\"true\"><\/i><\/span><div class=\"fusion-li-item-content\">\n<p>Gute Kenntnisse in der Adobe Creative Cloud, insbesondere in InDesign, Illustrator und Photoshop<\/p>\n<\/div><\/li><li class=\"fusion-li-item\" style=\"\"><span class=\"icon-wrapper circle-no\"><i class=\"fusion-li-icon fa-caret-right fas\" aria-hidden=\"true\"><\/i><\/span><div class=\"fusion-li-item-content\">\n<p>Sicherer Umgang mit den g\u00e4ngigen Microsoft-Office Anwendungen<\/p>\n<\/div><\/li><li class=\"fusion-li-item\" style=\"\"><span class=\"icon-wrapper circle-no\"><i class=\"fusion-li-icon fa-caret-right fas\" aria-hidden=\"true\"><\/i><\/span><div class=\"fusion-li-item-content\">\n<p>Idealerweise Erfahrung im Umgang mit WordPress sowie mit Online-Werbetools wie Google Ads oder LinkedIn Ads<\/p>\n<\/div><\/li><li class=\"fusion-li-item\" style=\"\"><span class=\"icon-wrapper circle-no\"><i class=\"fusion-li-icon fa-caret-right fas\" aria-hidden=\"true\"><\/i><\/span><div class=\"fusion-li-item-content\">\n<p>Interesse am strategischen Einsatz von KI im Marketing, insbesondere zur Personalisierung, Effizienzsteigerung und Optimierung digitaler Marketingma\u00dfnahmen<\/p>\n<\/div><\/li><li class=\"fusion-li-item\" style=\"\"><span class=\"icon-wrapper circle-no\"><i class=\"fusion-li-icon fa-caret-right fas\" aria-hidden=\"true\"><\/i><\/span><div class=\"fusion-li-item-content\">\n<p>Strukturierte, l\u00f6sungsorientierte und selbstst\u00e4ndige Arbeitsweise, kombiniert mit Kreativit\u00e4t und einem Gesp\u00fcr f\u00fcr neue Trends<\/p>\n<\/div><\/li><li class=\"fusion-li-item\" style=\"\"><span class=\"icon-wrapper circle-no\"><i class=\"fusion-li-icon fa-caret-right fas\" aria-hidden=\"true\"><\/i><\/span><div class=\"fusion-li-item-content\">\n<p>Sehr gute Deutsch- und Englischkenntnisse sowie ein sicheres Gef\u00fchl f\u00fcr zielgruppengerechte Kommunikation<\/p>\n<\/div><\/li><\/ul>\n<div class=\"fusion-sep-clear\"><\/div><div class=\"fusion-separator fusion-full-width-sep\" style=\"margin-left: auto;margin-right: auto;margin-top:15px;margin-bottom:15px;width:100%;\"><\/div><div class=\"fusion-sep-clear\"><\/div>\n<p><strong>Was wir bieten:<\/strong><\/p>\n<ul style=\"--awb-iconcolor:#0e4194;--awb-line-height:27.2px;--awb-icon-width:27.2px;--awb-icon-height:27.2px;--awb-icon-margin:11.2px;--awb-content-margin:38.4px;\" class=\"fusion-checklist fusion-checklist-3 fusion-checklist-default fusion-checklist-divider type-icons\"><li class=\"fusion-li-item\" style=\"\"><span class=\"icon-wrapper circle-no\"><i class=\"fusion-li-icon fa-caret-right fas\" aria-hidden=\"true\"><\/i><\/span><div class=\"fusion-li-item-content\">\n<p>Freiraum f\u00fcr eigene Ideen und die M\u00f6glichkeit, aktiv Verantwortung zu \u00fcbernehmen und Themen mitzugestalten<\/p>\n<\/div><\/li><li class=\"fusion-li-item\" style=\"\"><span class=\"icon-wrapper circle-no\"><i class=\"fusion-li-icon fa-caret-right fas\" aria-hidden=\"true\"><\/i><\/span><div class=\"fusion-li-item-content\">\n<p>Ein kollegiales, wertsch\u00e4tzendes Arbeitsumfeld mit kurzen Entscheidungswegen und offener Kommunikation<\/p>\n<\/div><\/li><li class=\"fusion-li-item\" style=\"\"><span class=\"icon-wrapper circle-no\"><i class=\"fusion-li-icon fa-caret-right fas\" aria-hidden=\"true\"><\/i><\/span><div class=\"fusion-li-item-content\">\n<p>Flexible Arbeitszeiten, die sich gut mit dem Studium vereinbaren lassen<\/p>\n<\/div><\/li><li class=\"fusion-li-item\" style=\"\"><span class=\"icon-wrapper circle-no\"><i class=\"fusion-li-icon fa-caret-right fas\" aria-hidden=\"true\"><\/i><\/span><div class=\"fusion-li-item-content\">\n<p>Pers\u00f6nliche und fachliche Entwicklungsm\u00f6glichkeiten durch abwechslungsreiche Aufgaben und eigenst\u00e4ndiges Arbeiten<\/p>\n<\/div><\/li><li class=\"fusion-li-item\" style=\"\"><span class=\"icon-wrapper circle-no\"><i class=\"fusion-li-icon fa-caret-right fas\" aria-hidden=\"true\"><\/i><\/span><div class=\"fusion-li-item-content\">\n<p>Ein vielseitiges Arbeitsumfeld mit spannenden Einblicken in Marketing, Kommunikation und digitale Sichtbarkeit<\/p>\n<\/div><\/li><li class=\"fusion-li-item\" style=\"\"><span class=\"icon-wrapper circle-no\"><i class=\"fusion-li-icon fa-caret-right fas\" aria-hidden=\"true\"><\/i><\/span><div class=\"fusion-li-item-content\">\n<p>Eine gute \u00f6ffentliche Verkehrsanbindung sowie ausreichend Parkm\u00f6glichkeiten direkt vor Ort<\/p>\n<\/div><\/li><li class=\"fusion-li-item\" style=\"\"><span class=\"icon-wrapper circle-no\"><i class=\"fusion-li-icon fa-caret-right fas\" aria-hidden=\"true\"><\/i><\/span><div class=\"fusion-li-item-content\">\n<p>Die M\u00f6glichkeit, praktische Erfahrung in einem technologieorientierten Unternehmen zu sammeln und eigene Ideen direkt in die Umsetzung zu bringen<\/p>\n<\/div><\/li><\/ul>\n<\/div><\/div><\/div><\/div><\/div><div class=\"fusion-sep-clear\"><\/div><div class=\"fusion-separator fusion-full-width-sep\" style=\"margin-left: auto;margin-right: auto;margin-top:25px;margin-bottom:25px;width:100%;\"><\/div><div class=\"fusion-sep-clear\"><\/div><div class=\"fusion-text fusion-text-3\"><h4>Haben wir Ihr Interesse geweckt?<\/h4>\n<p>Dann werden Sie Teil von ASENTICS. Bitte senden Sie Ihre vollst\u00e4ndigen Bewerbungsunterlagen (Anschreiben, Lebenslauf, Zeugnisse, etc.) mit Angabe von Gehaltsvorstellung, m\u00f6glichem Eintrittstermin an <a href=\"mailto:bewerbung@asentics.de\">bewerbung@asentics.de<\/a> (Ansprechpartnerin: Frau Sirpa Heikkinen). Bei R\u00fcckfragen stehen wir Ihnen jederzeit unter der Telefonnummer +49 (0)271 \/ 303 91 \u2013 0 zur Verf\u00fcgung.<\/p>\n<p>Wir freuen uns auf Sie!<\/p>\n<\/div><div class=\"fusion-clearfix\"><\/div><\/div><\/div><div class=\"fusion-layout-column fusion_builder_column fusion-builder-column-1 fusion_builder_column_1_1 1_1 fusion-one-full fusion-column-first fusion-column-last\" style=\"--awb-bg-size:cover;\"><div class=\"fusion-column-wrapper fusion-column-has-shadow fusion-flex-column-wrapper-legacy\"><div class=\"fusion-clearfix\"><\/div><\/div><\/div><\/div><\/div>\n","protected":false},"excerpt":{"rendered":"","protected":false},"author":8,"featured_media":0,"parent":0,"menu_order":0,"comment_status":"closed","ping_status":"closed","template":"100-width.php","meta":{"_acf_changed":false,"inline_featured_image":false,"footnotes":""},"class_list":["post-2947","page","type-page","status-publish","hentry"],"acf":[],"yoast_head":"<!-- This site is optimized with the Yoast SEO plugin v27.3 - https:\/\/yoast.com\/product\/yoast-seo-wordpress\/ -->\n<title>KARRIERE - ASENTICS<\/title>\n<meta name=\"robots\" content=\"index, follow, max-snippet:-1, max-image-preview:large, max-video-preview:-1\" \/>\n<link rel=\"canonical\" href=\"https:\/\/www.asentics.de\/de\/karriere\/\" \/>\n<meta property=\"og:locale\" content=\"de_DE\" \/>\n<meta property=\"og:type\" content=\"article\" \/>\n<meta property=\"og:title\" content=\"KARRIERE - ASENTICS\" \/>\n<meta property=\"og:url\" content=\"https:\/\/www.asentics.de\/de\/karriere\/\" \/>\n<meta property=\"og:site_name\" content=\"ASENTICS\" \/>\n<meta property=\"article:modified_time\" content=\"2026-03-23T09:58:14+00:00\" \/>\n<meta name=\"twitter:card\" content=\"summary_large_image\" \/>\n<meta name=\"twitter:label1\" content=\"Gesch\u00e4tzte Lesezeit\" \/>\n\t<meta name=\"twitter:data1\" content=\"3\u00a0Minuten\" \/>\n<script type=\"application\/ld+json\" class=\"yoast-schema-graph\">{\"@context\":\"https:\\\/\\\/schema.org\",\"@graph\":[{\"@type\":\"WebPage\",\"@id\":\"https:\\\/\\\/www.asentics.de\\\/de\\\/karriere\\\/\",\"url\":\"https:\\\/\\\/www.asentics.de\\\/de\\\/karriere\\\/\",\"name\":\"KARRIERE - ASENTICS\",\"isPartOf\":{\"@id\":\"https:\\\/\\\/www.asentics.de\\\/de\\\/#website\"},\"datePublished\":\"2021-08-31T15:24:52+00:00\",\"dateModified\":\"2026-03-23T09:58:14+00:00\",\"breadcrumb\":{\"@id\":\"https:\\\/\\\/www.asentics.de\\\/de\\\/karriere\\\/#breadcrumb\"},\"inLanguage\":\"de\",\"potentialAction\":[{\"@type\":\"ReadAction\",\"target\":[\"https:\\\/\\\/www.asentics.de\\\/de\\\/karriere\\\/\"]}]},{\"@type\":\"BreadcrumbList\",\"@id\":\"https:\\\/\\\/www.asentics.de\\\/de\\\/karriere\\\/#breadcrumb\",\"itemListElement\":[{\"@type\":\"ListItem\",\"position\":1,\"name\":\"Startseite\",\"item\":\"https:\\\/\\\/www.asentics.de\\\/de\\\/\"},{\"@type\":\"ListItem\",\"position\":2,\"name\":\"KARRIERE\"}]},{\"@type\":\"WebSite\",\"@id\":\"https:\\\/\\\/www.asentics.de\\\/de\\\/#website\",\"url\":\"https:\\\/\\\/www.asentics.de\\\/de\\\/\",\"name\":\"ASENTICS\",\"description\":\"ASENTICS vision technology\",\"potentialAction\":[{\"@type\":\"SearchAction\",\"target\":{\"@type\":\"EntryPoint\",\"urlTemplate\":\"https:\\\/\\\/www.asentics.de\\\/de\\\/?s={search_term_string}\"},\"query-input\":{\"@type\":\"PropertyValueSpecification\",\"valueRequired\":true,\"valueName\":\"search_term_string\"}}],\"inLanguage\":\"de\"}]}<\/script>\n<!-- \/ Yoast SEO plugin. -->","yoast_head_json":{"title":"KARRIERE - ASENTICS","robots":{"index":"index","follow":"follow","max-snippet":"max-snippet:-1","max-image-preview":"max-image-preview:large","max-video-preview":"max-video-preview:-1"},"canonical":"https:\/\/www.asentics.de\/de\/karriere\/","og_locale":"de_DE","og_type":"article","og_title":"KARRIERE - ASENTICS","og_url":"https:\/\/www.asentics.de\/de\/karriere\/","og_site_name":"ASENTICS","article_modified_time":"2026-03-23T09:58:14+00:00","twitter_card":"summary_large_image","twitter_misc":{"Gesch\u00e4tzte Lesezeit":"3\u00a0Minuten"},"schema":{"@context":"https:\/\/schema.org","@graph":[{"@type":"WebPage","@id":"https:\/\/www.asentics.de\/de\/karriere\/","url":"https:\/\/www.asentics.de\/de\/karriere\/","name":"KARRIERE - ASENTICS","isPartOf":{"@id":"https:\/\/www.asentics.de\/de\/#website"},"datePublished":"2021-08-31T15:24:52+00:00","dateModified":"2026-03-23T09:58:14+00:00","breadcrumb":{"@id":"https:\/\/www.asentics.de\/de\/karriere\/#breadcrumb"},"inLanguage":"de","potentialAction":[{"@type":"ReadAction","target":["https:\/\/www.asentics.de\/de\/karriere\/"]}]},{"@type":"BreadcrumbList","@id":"https:\/\/www.asentics.de\/de\/karriere\/#breadcrumb","itemListElement":[{"@type":"ListItem","position":1,"name":"Startseite","item":"https:\/\/www.asentics.de\/de\/"},{"@type":"ListItem","position":2,"name":"KARRIERE"}]},{"@type":"WebSite","@id":"https:\/\/www.asentics.de\/de\/#website","url":"https:\/\/www.asentics.de\/de\/","name":"ASENTICS","description":"ASENTICS vision technology","potentialAction":[{"@type":"SearchAction","target":{"@type":"EntryPoint","urlTemplate":"https:\/\/www.asentics.de\/de\/?s={search_term_string}"},"query-input":{"@type":"PropertyValueSpecification","valueRequired":true,"valueName":"search_term_string"}}],"inLanguage":"de"}]}},"publishpress_future_action":{"enabled":false,"date":"2026-05-05 16:01:49","action":"change-status","newStatus":"draft","terms":[],"taxonomy":"translation_priority","extraData":[]},"publishpress_future_workflow_manual_trigger":{"enabledWorkflows":[]},"_links":{"self":[{"href":"https:\/\/www.asentics.de\/de\/wp-json\/wp\/v2\/pages\/2947","targetHints":{"allow":["GET"]}}],"collection":[{"href":"https:\/\/www.asentics.de\/de\/wp-json\/wp\/v2\/pages"}],"about":[{"href":"https:\/\/www.asentics.de\/de\/wp-json\/wp\/v2\/types\/page"}],"author":[{"embeddable":true,"href":"https:\/\/www.asentics.de\/de\/wp-json\/wp\/v2\/users\/8"}],"replies":[{"embeddable":true,"href":"https:\/\/www.asentics.de\/de\/wp-json\/wp\/v2\/comments?post=2947"}],"version-history":[{"count":33,"href":"https:\/\/www.asentics.de\/de\/wp-json\/wp\/v2\/pages\/2947\/revisions"}],"predecessor-version":[{"id":9437,"href":"https:\/\/www.asentics.de\/de\/wp-json\/wp\/v2\/pages\/2947\/revisions\/9437"}],"wp:attachment":[{"href":"https:\/\/www.asentics.de\/de\/wp-json\/wp\/v2\/media?parent=2947"}],"curies":[{"name":"wp","href":"https:\/\/api.w.org\/{rel}","templated":true}]}}